{"id":2756,"date":"2016-12-21T04:36:19","date_gmt":"2016-12-21T03:36:19","guid":{"rendered":"http:\/\/bcmm.mg\/?page_id=2756"},"modified":"2024-01-31T13:22:47","modified_gmt":"2024-01-31T12:22:47","slug":"sitemap","status":"publish","type":"page","link":"https:\/\/bcmm.mg\/en\/sitemap\/","title":{"rendered":"Sitemap"},"content":{"rendered":"<div class=\"wsp-container\"><h2 class=\"wsp-pages-title\">Pages<\/h2>\n<ul class=\"wsp-pages-list\">\n<li class=\"page_item page-item-2698\"><a href=\"https:\/\/bcmm.mg\/en\/organigramme\/\">Organiggr<\/a><\/li>\n<li class=\"page_item page-item-4204\"><a href=\"https:\/\/bcmm.mg\/en\/quote-part-commune-2022\/\">(Fran\u00e7ais) QUOTE PART COMMUNE 2022<\/a><\/li>\n<li class=\"page_item page-item-4315\"><a href=\"https:\/\/bcmm.mg\/en\/accueil\/\">(Fran\u00e7ais) Accueil<\/a><\/li>\n<li class=\"page_item page-item-206\"><a href=\"https:\/\/bcmm.mg\/en\/aerp-2\/\">Exclusive Authorization for Area Reservation (AERP)<\/a><\/li>\n<li class=\"page_item page-item-4424\"><a href=\"https:\/\/bcmm.mg\/en\/amea\/\">AMEA (Artisanal Mining Operating Authorization)<\/a><\/li>\n<li class=\"page_item page-item-65\"><a href=\"https:\/\/bcmm.mg\/en\/aerp\/\">AERP (Exclusive Perimeter Reservation Authorization)<\/a><\/li>\n<li class=\"page_item page-item-227\"><a href=\"https:\/\/bcmm.mg\/en\/autres-mouvements\/\">Other movements<\/a><\/li>\n<li class=\"page_item page-item-84\"><a href=\"https:\/\/bcmm.mg\/en\/code-minier-2005\/\">Mining Code 2005<\/a><\/li>\n<li class=\"page_item page-item-4366\"><a href=\"https:\/\/bcmm.mg\/en\/code-minier-2023-teny-malagasy\/\">Mining Code 2023 (Teny Malagasy)<\/a><\/li>\n<li class=\"page_item page-item-4595\"><a href=\"https:\/\/bcmm.mg\/en\/code-minier-2023-version-anglais\/\">Mining Code 2023 (English version)<\/a><\/li>\n<li class=\"page_item page-item-4601\"><a href=\"https:\/\/bcmm.mg\/en\/code-minier-2023-version-chinoise\/\">Mining Code 2023 (Chinese version)<\/a><\/li>\n<li class=\"page_item page-item-4605\"><a href=\"https:\/\/bcmm.mg\/en\/code-minier-2023-version-francaise\/\">Mining Code 2023 (French version)<\/a><\/li>\n<li class=\"page_item page-item-4603\"><a href=\"https:\/\/bcmm.mg\/en\/code-minier-2023-version-malagasy\/\">Mining Code 2023 (Malagasy version)<\/a><\/li>\n<li class=\"page_item page-item-512\"><a href=\"https:\/\/bcmm.mg\/en\/contactez-nous\/\">Contact Us<\/a><\/li>\n<li class=\"page_item page-item-87\"><a href=\"https:\/\/bcmm.mg\/en\/decret-dapplication\/\">Application decree<\/a><\/li>\n<li class=\"page_item page-item-4295\"><a href=\"https:\/\/bcmm.mg\/en\/donnees-tabulaires-3\/\">(Fran\u00e7ais) Donn\u00e9es Tabulaires<\/a><\/li>\n<li class=\"page_item page-item-3780\"><a href=\"https:\/\/bcmm.mg\/en\/etat-paiements-regions-quote-part-frais-dadministration-miniere-fa-2017-2eme-semestre\/\">(Fran\u00e7ais) ETAT DES PAIEMENTS DES REGIONS POUR QUOTE PART FRAIS D&#8217;ADMINISTRATION MINIERE FA 2017 2\u00e8me semestre<\/a><\/li>\n<li class=\"page_item page-item-3784\"><a href=\"https:\/\/bcmm.mg\/en\/etat-paiements-regions-quote-part-frais-dadministration-miniere-fa-2018\/\">(Fran\u00e7ais) ETAT DES PAIEMENTS DES REGIONS POUR QUOTE PART FRAIS D&#8217;ADMINISTRATION MINIERE FA 2018<\/a><\/li>\n<li class=\"page_item page-item-140\"><a href=\"https:\/\/bcmm.mg\/en\/formulaire-aerp\/\">AERP form<\/a><\/li>\n<li class=\"page_item page-item-186\"><a href=\"https:\/\/bcmm.mg\/en\/formulaire-pe\/\">PE form<\/a><\/li>\n<li class=\"page_item page-item-173\"><a href=\"https:\/\/bcmm.mg\/en\/formulaire-pr\/\">PR form<\/a><\/li>\n<li class=\"page_item page-item-127\"><a href=\"https:\/\/bcmm.mg\/en\/formulaire-pre\/\">PRE form<\/a><\/li>\n<li class=\"page_item page-item-4238\"><a href=\"https:\/\/bcmm.mg\/en\/frais-dadministration-2022-ariary-taxes-archive\/\">(Fran\u00e7ais) Frais d&#8217;Administration 2022 (Ariary hors taxes) (Archive)<\/a><\/li>\n<li class=\"page_item page-item-4672\"><a href=\"https:\/\/bcmm.mg\/en\/frais-dadministration-2024-ariary-hors-taxes-archive\/\">(Fran\u00e7ais) Frais d&#8217;Administration Mini\u00e8re 2024 (Ariary hors taxes) (Archive)<\/a><\/li>\n<li class=\"page_item page-item-4486\"><a href=\"https:\/\/bcmm.mg\/en\/frais-dadministration-2023-ariary-hors-taxes-archives\/\">(Fran\u00e7ais) Frais d\u2019Administration 2023 (Ariary hors taxes) (Archives)<\/a><\/li>\n<li class=\"page_item page-item-234\"><a href=\"https:\/\/bcmm.mg\/en\/frais-dadministration\/\">Administration fees 2026 (Ariary without taxes)<\/a><\/li>\n<li class=\"page_item page-item-2613\"><a href=\"https:\/\/bcmm.mg\/en\/galerie-africa-downunder-2016\/\">(Fran\u00e7ais) Galerie &#8211; Africa Downunder 2016<\/a><\/li>\n<li class=\"page_item page-item-3361\"><a href=\"https:\/\/bcmm.mg\/en\/galerie-aimima-presentation-de-voeux-nouvelle-annee-2019\/\">(Fran\u00e7ais) Galerie &#8211; AIMIMA\u00a0: Pr\u00e9sentation de v\u0153ux pour la nouvelle ann\u00e9e 2019<\/a><\/li>\n<li class=\"page_item page-item-4032\"><a href=\"https:\/\/bcmm.mg\/en\/permis-info\/\">(Fran\u00e7ais) Information sur le permis<\/a><\/li>\n<li class=\"page_item page-item-2710 page_item_has_children\"><a href=\"https:\/\/bcmm.mg\/en\/mbc\/\">Pr\u00e9sentation<\/a>\n<ul class='children'>\n\t<li class=\"page_item page-item-2716\"><a href=\"https:\/\/bcmm.mg\/en\/mbc\/quelques-photos\/\">Spaces available for rental<\/a><\/li>\n\t<li class=\"page_item page-item-2714\"><a href=\"https:\/\/bcmm.mg\/en\/mbc\/le-batiment-mbc\/\">(Fran\u00e7ais) Le b\u00e2timent<\/a><\/li>\n\t<li class=\"page_item page-item-2713\"><a href=\"https:\/\/bcmm.mg\/en\/mbc\/objectifs-mbc\/\">Objectives and expected results<\/a><\/li>\n\t<li class=\"page_item page-item-2712\"><a href=\"https:\/\/bcmm.mg\/en\/mbc\/presentation-mbc\/\">Presentation<\/a><\/li>\n\t<li class=\"page_item page-item-2720\"><a href=\"https:\/\/bcmm.mg\/en\/mbc\/contact-mbc\/\">Contact MBC<\/a><\/li>\n<\/ul>\n<\/li>\n<li class=\"page_item page-item-2784\"><a href=\"https:\/\/bcmm.mg\/en\/organigramme-2\/\">Organization chart<\/a><\/li>\n<li class=\"page_item page-item-214\"><a href=\"https:\/\/bcmm.mg\/en\/pe-2\/\">Exploitation Licence (PE)<\/a><\/li>\n<li class=\"page_item page-item-82\"><a href=\"https:\/\/bcmm.mg\/en\/pe\/\">Exploitation Licence (PE)<\/a><\/li>\n<li class=\"page_item page-item-80\"><a href=\"https:\/\/bcmm.mg\/en\/pr\/\">Exploration Licence (PR)<\/a><\/li>\n<li class=\"page_item page-item-78\"><a href=\"https:\/\/bcmm.mg\/en\/pre\/\">(Fran\u00e7ais) Permis R\u00e9serv\u00e9 aux petits Exploitants (PRE)<\/a><\/li>\n<li class=\"page_item page-item-4527\"><a href=\"https:\/\/bcmm.mg\/en\/plan-de-travail-et-plan-de-financement-prea\/\">(Fran\u00e7ais) Plan de Travail et Plan de Financement PREA<\/a><\/li>\n<li class=\"page_item page-item-2756\"><a href=\"https:\/\/bcmm.mg\/en\/sitemap\/\">Sitemap<\/a><\/li>\n<li class=\"page_item page-item-212\"><a href=\"https:\/\/bcmm.mg\/en\/pr-2\/\">Exploration Licence (PR)<\/a><\/li>\n<li class=\"page_item page-item-210\"><a href=\"https:\/\/bcmm.mg\/en\/pre-2\/\">Small-scale Mining Licence (PRE)<\/a><\/li>\n<li class=\"page_item page-item-4427\"><a href=\"https:\/\/bcmm.mg\/en\/prea\/\">PREA (Permit Reserved for Artisanal Miners)<\/a><\/li>\n<li class=\"page_item page-item-2780\"><a href=\"https:\/\/bcmm.mg\/en\/\">Presentation<\/a><\/li>\n<li class=\"page_item page-item-4230\"><a href=\"https:\/\/bcmm.mg\/en\/quote-part-commune-premier-trimestre-2023\/\">(Fran\u00e7ais) QUOTE PART COMMUNE PREMIER TRIMESTRE 2023<\/a><\/li>\n<li class=\"page_item page-item-4212\"><a href=\"https:\/\/bcmm.mg\/en\/quote-part-region-2022\/\">(Fran\u00e7ais) QUOTE PART REGION 2022<\/a><\/li>\n<li class=\"page_item page-item-4232\"><a href=\"https:\/\/bcmm.mg\/en\/quote-part-region-premier-trimestre-2023\/\">(Fran\u00e7ais) QUOTE PART REGION PREMIER TRIMESTRE 2023<\/a><\/li>\n<li class=\"page_item page-item-3979\"><a href=\"https:\/\/bcmm.mg\/en\/quote-part-commune-issue-frais-dadministration-collectes-2020\/\">(Fran\u00e7ais) QUOTE-PART PAR COMMUNE ISSUE DES FRAIS D&#8217;ADMINISTRATION COLLECTES EN 2020<\/a><\/li>\n<li class=\"page_item page-item-3983\"><a href=\"https:\/\/bcmm.mg\/en\/quote-part-region-issue-frais-dadministration-collectes-2020\/\">(Fran\u00e7ais) QUOTE-PART PAR REGION ISSUE DES FRAIS D&#8217;ADMINISTRATION COLLECTES EN 2020<\/a><\/li>\n<li class=\"page_item page-item-4070\"><a href=\"https:\/\/bcmm.mg\/en\/repartition-fa-commune-janvier-juillet-2021\/\">(Fran\u00e7ais) R\u00c9PARTITION FA COMMUNE JANVIER-JUILLET 2021<\/a><\/li>\n<li class=\"page_item page-item-2891\"><a href=\"https:\/\/bcmm.mg\/en\/repartition-fa-communes-2015-2016\/\">(Fran\u00e7ais) R\u00e9partition FA des Communes 2015-2016<\/a><\/li>\n<li class=\"page_item page-item-3315\"><a href=\"https:\/\/bcmm.mg\/en\/repartition-fa-communes-2017\/\">(Fran\u00e7ais) R\u00e9partition FA des Communes 2017<\/a><\/li>\n<li class=\"page_item page-item-3747\"><a href=\"https:\/\/bcmm.mg\/en\/repartition-fa-communes-2019\/\">(Fran\u00e7ais) R\u00e9partition FA des Communes 2019<\/a><\/li>\n<li class=\"page_item page-item-3745\"><a href=\"https:\/\/bcmm.mg\/en\/repartition-fa-communes-deuxieme-semestre-2018\/\">(Fran\u00e7ais) R\u00e9partition FA des Communes Deuxi\u00e8me Semestre 2018<\/a><\/li>\n<li class=\"page_item page-item-3232\"><a href=\"https:\/\/bcmm.mg\/en\/repartition-fa-communes-eclatees-2015-2016\/\">(Fran\u00e7ais) R\u00e9partition FA des Communes \u00e9clat\u00e9es 2015-2016<\/a><\/li>\n<li class=\"page_item page-item-3293\"><a href=\"https:\/\/bcmm.mg\/en\/repartition-fa-communes-premier-semestre-2018\/\">(Fran\u00e7ais) R\u00e9partition FA des Communes Premier Semestre 2018<\/a><\/li>\n<li class=\"page_item page-item-2888\"><a href=\"https:\/\/bcmm.mg\/en\/repartition-fa-regions-2016\/\">(Fran\u00e7ais) R\u00e9partition FA des R\u00e9gions 2016<\/a><\/li>\n<li class=\"page_item page-item-4081\"><a href=\"https:\/\/bcmm.mg\/en\/repartition-fa-region-janvier-decembre-2019\/\">(Fran\u00e7ais) R\u00c9PARTITION FA R\u00c9GION JANVIER-DECEMBRE 2019<\/a><\/li>\n<li class=\"page_item page-item-4072\"><a href=\"https:\/\/bcmm.mg\/en\/repartition-fa-region-janvier-juillet-2021\/\">(Fran\u00e7ais) R\u00c9PARTITION FA R\u00c9GION JANVIER-JUILLET 2021<\/a><\/li>\n<li class=\"page_item page-item-4115\"><a href=\"https:\/\/bcmm.mg\/en\/repartition-region-aout-decembre-2021\/\">(Fran\u00e7ais) REPARTITION REGION AOUT-DECEMBRE 2021<\/a><\/li>\n<li class=\"page_item page-item-2782\"><a href=\"https:\/\/bcmm.mg\/en\/roles-et-missions\/\">Roles and missions<\/a><\/li>\n<li class=\"page_item page-item-3463\"><a href=\"https:\/\/bcmm.mg\/en\/simulation-de-calcul-de-frais-dadministration-fa\/\">Simulation de<\/a><\/li>\n<li class=\"page_item page-item-4554\"><a href=\"https:\/\/bcmm.mg\/en\/tarifs-mbc\/\">(Fran\u00e7ais) Tarifs MBC<\/a><\/li>\n<li class=\"page_item page-item-193\"><a href=\"https:\/\/bcmm.mg\/en\/transfert-et-autres\/\">Transfert and other<\/a><\/li>\n<li class=\"page_item page-item-238\"><a href=\"https:\/\/bcmm.mg\/en\/ventes-diverses\/\">Ventes diverses<\/a><\/li>\n<li class=\"page_item page-item-540\"><a href=\"https:\/\/bcmm.mg\/en\/about-us\/\">About Us<\/a><\/li>\n<li class=\"page_item page-item-7\"><a href=\"https:\/\/bcmm.mg\/en\/accueil-bureau-cadastre-minier-de-madagascar\/\">Accueil &#8211; Bureau du Cadastre Minier de Madagascar<\/a><\/li>\n<li class=\"page_item page-item-248\"><a href=\"https:\/\/bcmm.mg\/en\/actualites\/\">ACTUALITES<\/a><\/li>\n<li class=\"page_item page-item-253\"><a href=\"https:\/\/bcmm.mg\/en\/actualites-du-bcmm\/\">Actualit\u00e9s du BCMM<\/a><\/li>\n<li class=\"page_item page-item-148\"><a href=\"https:\/\/bcmm.mg\/en\/annexe-3-formulaire-permis\/\">Annexe 3 : Formulaire Permis<\/a><\/li>\n<li class=\"page_item page-item-151\"><a href=\"https:\/\/bcmm.mg\/en\/annexe-4-plan-type-pre\/\">Annexe 4 : Plan Type PRE<\/a><\/li>\n<li class=\"page_item page-item-174\"><a href=\"https:\/\/bcmm.mg\/en\/annexe-5-plan-type-pr\/\">Annexe 5: Plan Type PR<\/a><\/li>\n<li class=\"page_item page-item-177\"><a href=\"https:\/\/bcmm.mg\/en\/annexe-6-plan-type-pe\/\">Annexe 6 : Plan Type PE<\/a><\/li>\n<li class=\"page_item page-item-156\"><a href=\"https:\/\/bcmm.mg\/en\/annexe-e-plan-dengagement-environnemental\/\">Annexe E : Plan d&#8217;Engagement Environnemental<\/a><\/li>\n<li class=\"page_item page-item-159\"><a href=\"https:\/\/bcmm.mg\/en\/annexe-f-code-de-conduite\/\">Annexe F : Code de Conduite<\/a><\/li>\n<li class=\"page_item page-item-59\"><a href=\"https:\/\/bcmm.mg\/en\/bureau-du-cadastre-minier-de-madagascar\/\">Bureau du Cadastre Minier de Madagascar<\/a><\/li>\n<li class=\"page_item page-item-4694\"><a href=\"https:\/\/bcmm.mg\/en\/canevas-de-programme-de-travail-pour-la-mise-en-conformite-pe\/\">Canevas de Programme de Travail pour la mise en conformit\u00e9 PE<\/a><\/li>\n<li class=\"page_item page-item-4648\"><a href=\"https:\/\/bcmm.mg\/en\/canevas-du-plan-de-responsabilite-societale-des-entreprises-prse\/\">Canevas du Plan de Responsabilit\u00e9 Soci\u00e9tale des Entreprises (PRSE)<\/a><\/li>\n<li class=\"page_item page-item-4641\"><a href=\"https:\/\/bcmm.mg\/en\/canevas-pour-les-rapports-detudes-de-pre-faisabilite-pour-les-pe\/\">Canevas pour les Rapports d\u2019\u00e9tudes de pr\u00e9-faisabilit\u00e9 pour les PE<\/a><\/li>\n<li class=\"page_item page-item-4362\"><a href=\"https:\/\/bcmm.mg\/en\/code-minier-2023\/\">Code Minier 2023<\/a><\/li>\n<li class=\"page_item page-item-4583\"><a href=\"https:\/\/bcmm.mg\/en\/communique-du-31-mai-2025\/\">Communiqu\u00e9 du 31 mai 2025<\/a><\/li>\n<li class=\"page_item page-item-251\"><a href=\"https:\/\/bcmm.mg\/en\/communiquesavis\/\">Communiqu\u00e9s\/Avis<\/a><\/li>\n<li class=\"page_item page-item-4516\"><a href=\"https:\/\/bcmm.mg\/en\/decret-dapplication-du-23-juillet-2024\/\">D\u00e9cret d&#8217;application du 23 Juillet 2024<\/a><\/li>\n<li class=\"page_item page-item-236\"><a href=\"https:\/\/bcmm.mg\/en\/droits-forfaitaires\/\">Droits forfaitaires<\/a><\/li>\n<li class=\"page_item page-item-3777\"><a href=\"https:\/\/bcmm.mg\/en\/etat-paiements-regions-quote-part-frais-dadministration-miniere-fa-2017-1er-semestre\/\">ETAT DES PAIEMENTS DES REGIONS POUR QUOTE PART FRAIS D&#8217;ADMINISTRATION MINIERE FA 2017 1er semestre<\/a><\/li>\n<li class=\"page_item page-item-162\"><a href=\"https:\/\/bcmm.mg\/en\/formulaire-dengagement-pour-etude-dimpact-environnemental\/\">Formulaire d&#8217;Engagement pour \u00c9tude d&#8217;Impact Environnemental<\/a><\/li>\n<li class=\"page_item page-item-232\"><a href=\"https:\/\/bcmm.mg\/en\/frais-applicable\/\">FRAIS APPLICABLE<\/a><\/li>\n<li class=\"page_item page-item-4086\"><a href=\"https:\/\/bcmm.mg\/en\/frais-dinstruction-frais-dadministration\/\">Frais d&#8217;instruction et frais d&#8217;administration<\/a><\/li>\n<li class=\"page_item page-item-4677\"><a href=\"https:\/\/bcmm.mg\/en\/frais-dinstruction-et-frais-dadministration-miniere-au-titre-de-lannee-2022\/\">Frais d&#8217;instruction et frais d&#8217;administration mini\u00e8re au titre de l&#8217;ann\u00e9e 2022  (Archive)<\/a><\/li>\n<li class=\"page_item page-item-3074\"><a href=\"https:\/\/bcmm.mg\/en\/galerie-inauguration-mining-business-center\/\">Galerie &#8211; Inauguration du Mining Business Center<\/a><\/li>\n<li class=\"page_item page-item-255\"><a href=\"https:\/\/bcmm.mg\/en\/galerie-photos\/\">Galerie photos<\/a><\/li>\n<li class=\"page_item page-item-272\"><a href=\"https:\/\/bcmm.mg\/en\/galerie-photos-2\/\">Gal\u00e9rie photos<\/a><\/li>\n<li class=\"page_item page-item-4620\"><a href=\"https:\/\/bcmm.mg\/en\/lettre-dengagement-fmisc\/\">Lettre d\u2019Engagement FMISC<\/a><\/li>\n<li class=\"page_item page-item-90\"><a href=\"https:\/\/bcmm.mg\/en\/lgim\/\">LGIM<\/a><\/li>\n<li class=\"page_item page-item-4166\"><a href=\"https:\/\/bcmm.mg\/en\/map\/\">map<\/a><\/li>\n<li class=\"page_item page-item-261\"><a href=\"https:\/\/bcmm.mg\/en\/marches-publics\/\">MARCHES PUBLICS<\/a><\/li>\n<li class=\"page_item page-item-4549\"><a href=\"https:\/\/bcmm.mg\/en\/modele-engagement-rse\/\">Mod\u00e8le Engagement RSE<\/a><\/li>\n<li class=\"page_item page-item-203\"><a href=\"https:\/\/bcmm.mg\/en\/octroi\/\">Octroi<\/a><\/li>\n<li class=\"page_item page-item-4390\"><a href=\"https:\/\/bcmm.mg\/en\/page-de-maintenance\/\">Page de maintenance<\/a><\/li>\n<li class=\"page_item page-item-4521\"><a href=\"https:\/\/bcmm.mg\/en\/plan-de-travail-et-plan-de-financement-pr\/\">Plan de Travail et Plan de Financement PR<\/a><\/li>\n<li class=\"page_item page-item-541\"><a href=\"https:\/\/bcmm.mg\/en\/projects\/\">Projects<\/a><\/li>\n<li class=\"page_item page-item-4113\"><a href=\"https:\/\/bcmm.mg\/en\/repartition-communes-aout-decembre-2021\/\">REPARTITION COMMUNES AOUT-DECEMBRE 2021<\/a><\/li>\n<li class=\"page_item page-item-4305\"><a href=\"https:\/\/bcmm.mg\/en\/repartition-fa\/\">R\u00e9partitions FA<\/a><\/li>\n<li class=\"page_item page-item-472\"><a href=\"https:\/\/bcmm.mg\/en\/tables\/\">Tables<\/a><\/li>\n<li class=\"page_item page-item-456\"><a href=\"https:\/\/bcmm.mg\/en\/work-in-progress\/\">Work In Progress<\/a><\/li>\n<\/ul>\n<h2 class=\"wsp-posts-title\">Posts by category<\/h2>\n<ul class=\"wsp-posts-list\">\n\t<li><strong class=\"wsp-category-title\">Category: <a href=\"https:\/\/bcmm.mg\/en\/category\/actualites\/\">Actualit\u00e9s<\/a><\/strong>\n<ul class=\"wsp-posts-list\">\t\t<li class=\"wsp-post\"><a href=\"https:\/\/bcmm.mg\/en\/valeurs-marchandes-locales-des-produits-des-mines\/\">Valeurs marchandes locales des produits des mines<\/a><\/li>\n\t\t<li class=\"wsp-post\"><a href=\"https:\/\/bcmm.mg\/en\/fampahafantaran-ny-governemanta-ny-programan-asa-fanantanterahan-ny-politika-ankapoben-ny-fanjakana\/\">(Fran\u00e7ais) FAMPAHAFANTARAN&#8217;NY GOVERNEMANTA NY PROGRAMAN&#8217;ASA FANANTANTERAHAN NY POLITIKA ANKAPOBEN&#8217;NY FANJAKANA<\/a><\/li>\n\t\t<li class=\"wsp-post\"><a href=\"https:\/\/bcmm.mg\/en\/enjeux-de-transparence-secteur-extractif-a-madagascar\/\">(Fran\u00e7ais) Les enjeux de la transparence du secteur extractif \u00e0 Madagascar<\/a><\/li>\n<\/ul><\/li>\n\t<li><strong class=\"wsp-category-title\">Category: <a href=\"https:\/\/bcmm.mg\/en\/category\/communiques-avis\/\">Communiqu\u00e9s \/ Avis<\/a><\/strong>\n<ul class=\"wsp-posts-list\">\t\t<li class=\"wsp-post\"><a href=\"https:\/\/bcmm.mg\/en\/avis-ouverture-perception-fa-permis-mouvement\/\">(Fran\u00e7ais) AVIS &#8211; Ouverture perception FA Permis en mouvement<\/a><\/li>\n\t\t<li class=\"wsp-post\"><a href=\"https:\/\/bcmm.mg\/en\/appel-a-manifestation-dinteret-aux-fins-de-promotion-de-lexportation-de-constitution-de-reserve-nationale-dor-2\/\">(Fran\u00e7ais) Appel \u00e0 manifestation d\u2019int\u00e9r\u00eat aux fins de la promotion de l\u2019exportation et de la constitution de la r\u00e9serve nationale d\u2019or<\/a><\/li>\n\t\t<li class=\"wsp-post\"><a href=\"https:\/\/bcmm.mg\/en\/appel-a-manifestation-dinteret-aux-fins-de-promotion-de-lexportation-de-constitution-de-reserve-nationale-dor\/\">(Fran\u00e7ais) Appel \u00e0 manifestation d&#8217;int\u00e9r\u00eat aux fins de la promotion de l&#8217;exportation et de la constitution de la r\u00e9serve nationale d&#8217;or<\/a><\/li>\n\t\t<li class=\"wsp-post\"><a href=\"https:\/\/bcmm.mg\/en\/etablissement-de-grande-envergure-nationale-internationale-recrute-directeur-de-promotion-de-communication\/\">(Fran\u00e7ais) \u00c9tablissement de grande envergure nationale et internationale recrute son Directeur de la promotion et de la communication<\/a><\/li>\n<\/ul><\/li>\n\t<li><strong class=\"wsp-category-title\">Category: <a href=\"https:\/\/bcmm.mg\/en\/category\/galerie\/\"><\/a><\/strong>\n<ul class=\"wsp-posts-list\">\t\t<li class=\"wsp-post\"><a href=\"https:\/\/bcmm.mg\/en\/inauguration-de-galerie-mines-de-madagascar\/\">Inauguration de la Galerie des Mines de Madagascar<\/a><\/li>\n\t\t<li class=\"wsp-post\"><a href=\"https:\/\/bcmm.mg\/en\/inauguration-de-lithotheque-de-madagascar\/\">Inauguration de la Lithoth\u00e8que de Madagascar<\/a><\/li>\n\t\t<li class=\"wsp-post\"><a href=\"https:\/\/bcmm.mg\/en\/salon-mines-2019\/\">Salon des Mines 2019<\/a><\/li>\n\t\t<li class=\"wsp-post\"><a href=\"https:\/\/bcmm.mg\/en\/galerie-aimima-presentation-de-voeux-nouvelle-annee-2019\/\">(Fran\u00e7ais) Galerie &#8211; AIMIMA : Pr\u00e9sentation de v\u0153ux pour la nouvelle ann\u00e9e 2019<\/a><\/li>\n\t\t<li class=\"wsp-post\"><a href=\"https:\/\/bcmm.mg\/en\/galerie-salon-mines-petrole-de-lequipement-2018\/\">(Fran\u00e7ais) Galerie &#8211; Salon des Mines, du P\u00e9trole et de l\u2019\u00c9quipement 2018<\/a><\/li>\n\t\t<li class=\"wsp-post\"><a href=\"https:\/\/bcmm.mg\/en\/galerie-the-mining-show-dubai\/\">(Fran\u00e7ais) Galerie &#8211; The Mining Show Dubai<\/a><\/li>\n\t\t<li class=\"wsp-post\"><a href=\"https:\/\/bcmm.mg\/en\/galery-mining-business-center-inauguration\/\">Galery &#8211; Mining Business Center : Inauguration<\/a><\/li>\n\t\t<li class=\"wsp-post\"><a href=\"https:\/\/bcmm.mg\/en\/galerie-mining-business-center\/\">Galery &#8211; Mining Business Center<\/a><\/li>\n\t\t<li class=\"wsp-post\"><a href=\"https:\/\/bcmm.mg\/en\/africa-downunder-2016-2\/\">Galery &#8211; Africa Downunder 2016<\/a><\/li>\n<\/ul><\/li>\n\t<li><strong class=\"wsp-category-title\">Category: <a href=\"https:\/\/bcmm.mg\/en\/category\/marches-publiques\/\">March\u00e9s publiques<\/a><\/strong>\n<ul class=\"wsp-posts-list\">\t\t<li class=\"wsp-post\"><a href=\"https:\/\/bcmm.mg\/en\/marche-publique-1\/\">MAr<\/a><\/li>\n<\/ul><\/li>\n\t<li><strong class=\"wsp-category-title\">Category: <a href=\"https:\/\/bcmm.mg\/en\/category\/non-classe\/\">Non class\u00e9<\/a><\/strong>\n<ul class=\"wsp-posts-list\">\t\t<li class=\"wsp-post\"><a href=\"https:\/\/bcmm.mg\/en\/lanja-miakatra-2016\/\">Galery &#8211; Lanja Miakatra 2016<\/a><\/li>\n\t\t<li class=\"wsp-post\"><a href=\"https:\/\/bcmm.mg\/en\/foire-regionale-lanja-miakatra-2016-promouvoir-les-secteurs-cles-du-developpement\/\">REGIONAL FAIR \u00ab LANJA MIAKATRA 2016 \u00bb, to promote the key sectors of development<\/a><\/li>\n<\/ul><\/li>\n<\/ul>\n<h2 class=\"wsp-gmedias-title\">Gmedia Posts<\/h2>\n<ul class=\"wsp-gmedias-list\">\n<li><a href=\"https:\/\/bcmm.mg\/en\/gmedia\/salon_des_mines_2019_-_8-jpg\/\">Salon Des Mines 2019 - 8<\/a><\/li>\n<li><a href=\"https:\/\/bcmm.mg\/en\/gmedia\/salon_des_mines_2019_-_7-jpg\/\">Salon Des Mines 2019 - 7<\/a><\/li>\n<li><a href=\"https:\/\/bcmm.mg\/en\/gmedia\/salon_des_mines_2019_-_6-jpg\/\">Salon Des Mines 2019 - 6<\/a><\/li>\n<li><a href=\"https:\/\/bcmm.mg\/en\/gmedia\/salon_des_mines_2019_-_5-jpg\/\">Salon Des Mines 2019 - 5<\/a><\/li>\n<li><a href=\"https:\/\/bcmm.mg\/en\/gmedia\/salon_des_mines_2019_-_4-jpg\/\">Salon Des Mines 2019 - 4<\/a><\/li>\n<li><a href=\"https:\/\/bcmm.mg\/en\/gmedia\/salon_des_mines_2019_-_3-jpg\/\">Salon Des Mines 2019 - 3<\/a><\/li>\n<li><a href=\"https:\/\/bcmm.mg\/en\/gmedia\/salon_des_mines_2019_-_2-jpg\/\">Salon Des Mines 2019 - 2<\/a><\/li>\n<li><a href=\"https:\/\/bcmm.mg\/en\/gmedia\/salon_des_mines_2019_-_1-jpg\/\">Salon Des Mines 2019 - 1<\/a><\/li>\n<li><a href=\"https:\/\/bcmm.mg\/en\/gmedia\/inauguration_lithoth_que_de_madagascar_-_5-jpg\/\">Inauguration Lithoth\u00e8que De Madagascar - 5<\/a><\/li>\n<li><a href=\"https:\/\/bcmm.mg\/en\/gmedia\/inauguration_lithoth_que_de_madagascar_-_4-jpg\/\">Inauguration Lithoth\u00e8que De Madagascar - 4<\/a><\/li>\n<li><a href=\"https:\/\/bcmm.mg\/en\/gmedia\/inauguration_lithoth_que_de_madagascar_-_3-jpg\/\">Inauguration Lithoth\u00e8que De Madagascar - 3<\/a><\/li>\n<li><a href=\"https:\/\/bcmm.mg\/en\/gmedia\/inauguration_lithoth_que_de_madagascar_-_2-jpg\/\">Inauguration Lithoth\u00e8que De Madagascar - 2<\/a><\/li>\n<li><a href=\"https:\/\/bcmm.mg\/en\/gmedia\/inauguration_lithoth_que_de_madagascar_-_1-jpg\/\">Inauguration Lithoth\u00e8que De Madagascar - 1<\/a><\/li>\n<li><a href=\"https:\/\/bcmm.mg\/en\/gmedia\/inauguration_galerie_des_mines_de_madagascar_-_6_1-jpg\/\">Inauguration Galerie Des Mines De Madagascar - 6<\/a><\/li>\n<li><a href=\"https:\/\/bcmm.mg\/en\/gmedia\/inauguration_galerie_des_mines_de_madagascar_-_5_1-jpg\/\">Inauguration Galerie Des Mines De Madagascar - 5<\/a><\/li>\n<li><a href=\"https:\/\/bcmm.mg\/en\/gmedia\/inauguration_galerie_des_mines_de_madagascar_-_4_1-jpg\/\">Inauguration Galerie Des Mines De Madagascar - 4<\/a><\/li>\n<li><a href=\"https:\/\/bcmm.mg\/en\/gmedia\/inauguration_galerie_des_mines_de_madagascar_-_3_1-jpg\/\">Inauguration Galerie Des Mines De Madagascar - 3<\/a><\/li>\n<li><a href=\"https:\/\/bcmm.mg\/en\/gmedia\/inauguration_galerie_des_mines_de_madagascar_-_2_1-jpg\/\">Inauguration Galerie Des Mines De Madagascar - 2<\/a><\/li>\n<li><a href=\"https:\/\/bcmm.mg\/en\/gmedia\/inauguration_galerie_des_mines_de_madagascar_-_1_1-jpg\/\">Inauguration Galerie Des Mines De Madagascar - 1<\/a><\/li>\n<li><a href=\"https:\/\/bcmm.mg\/en\/gmedia\/inauguration_galerie_des_mines_de_madagascar_-_6-jpg\/\">Inauguration Galerie Des Mines De Madagascar - 6<\/a><\/li>\n<li><a href=\"https:\/\/bcmm.mg\/en\/gmedia\/inauguration_galerie_des_mines_de_madagascar_-_5-jpg\/\">Inauguration Galerie Des Mines De Madagascar - 5<\/a><\/li>\n<li><a href=\"https:\/\/bcmm.mg\/en\/gmedia\/inauguration_galerie_des_mines_de_madagascar_-_4-jpg\/\">Inauguration Galerie Des Mines De Madagascar - 4<\/a><\/li>\n<li><a href=\"https:\/\/bcmm.mg\/en\/gmedia\/inauguration_galerie_des_mines_de_madagascar_-_3-jpg\/\">Inauguration Galerie Des Mines De Madagascar - 3<\/a><\/li>\n<li><a href=\"https:\/\/bcmm.mg\/en\/gmedia\/inauguration_galerie_des_mines_de_madagascar_-_2-jpg\/\">Inauguration Galerie Des Mines De Madagascar - 2<\/a><\/li>\n<li><a href=\"https:\/\/bcmm.mg\/en\/gmedia\/inauguration_galerie_des_mines_de_madagascar_-_1-jpg\/\">Inauguration Galerie Des Mines De Madagascar - 1<\/a><\/li>\n<li><a href=\"https:\/\/bcmm.mg\/en\/gmedia\/11-reboisement-2020_2-jpg\/\">11-reboisement-2020<\/a><\/li>\n<li><a href=\"https:\/\/bcmm.mg\/en\/gmedia\/10-reboisement-2020_2-jpg\/\">10-reboisement-2020<\/a><\/li>\n<li><a href=\"https:\/\/bcmm.mg\/en\/gmedia\/09-reboisement-2020_2-jpg\/\">09-reboisement-2020<\/a><\/li>\n<li><a href=\"https:\/\/bcmm.mg\/en\/gmedia\/08-reboisement-2020_2-jpg\/\">08-reboisement-2020<\/a><\/li>\n<li><a href=\"https:\/\/bcmm.mg\/en\/gmedia\/07-reboisement-2020_2-jpg\/\">07-reboisement-2020<\/a><\/li>\n<li><a href=\"https:\/\/bcmm.mg\/en\/gmedia\/06-reboisement-2020_2-jpg\/\">06-reboisement-2020<\/a><\/li>\n<li><a href=\"https:\/\/bcmm.mg\/en\/gmedia\/05-reboisement-2020_2-jpg\/\">05-reboisement-2020<\/a><\/li>\n<li><a href=\"https:\/\/bcmm.mg\/en\/gmedia\/04-reboisement-2020_2-jpg\/\">04-reboisement-2020<\/a><\/li>\n<li><a href=\"https:\/\/bcmm.mg\/en\/gmedia\/03-reboisement-2020_2-jpg\/\">03-reboisement-2020<\/a><\/li>\n<li><a href=\"https:\/\/bcmm.mg\/en\/gmedia\/02-reboisement-2020_2-jpg\/\">02-reboisement-2020<\/a><\/li>\n<li><a href=\"https:\/\/bcmm.mg\/en\/gmedia\/01-reboisement-2020_2-jpg\/\">01-reboisement-2020<\/a><\/li>\n<li><a href=\"https:\/\/bcmm.mg\/en\/gmedia\/11-reboisement-2020_1-jpg\/\">11-reboisement-2020<\/a><\/li>\n<li><a href=\"https:\/\/bcmm.mg\/en\/gmedia\/10-reboisement-2020_1-jpg\/\">10-reboisement-2020<\/a><\/li>\n<li><a href=\"https:\/\/bcmm.mg\/en\/gmedia\/09-reboisement-2020_1-jpg\/\">09-reboisement-2020<\/a><\/li>\n<li><a href=\"https:\/\/bcmm.mg\/en\/gmedia\/08-reboisement-2020_1-jpg\/\">08-reboisement-2020<\/a><\/li>\n<li><a href=\"https:\/\/bcmm.mg\/en\/gmedia\/07-reboisement-2020_1-jpg\/\">07-reboisement-2020<\/a><\/li>\n<li><a href=\"https:\/\/bcmm.mg\/en\/gmedia\/06-reboisement-2020_1-jpg\/\">06-reboisement-2020<\/a><\/li>\n<li><a href=\"https:\/\/bcmm.mg\/en\/gmedia\/05-reboisement-2020_1-jpg\/\">05-reboisement-2020<\/a><\/li>\n<li><a href=\"https:\/\/bcmm.mg\/en\/gmedia\/04-reboisement-2020_1-jpg\/\">04-reboisement-2020<\/a><\/li>\n<li><a href=\"https:\/\/bcmm.mg\/en\/gmedia\/03-reboisement-2020_1-jpg\/\">03-reboisement-2020<\/a><\/li>\n<li><a href=\"https:\/\/bcmm.mg\/en\/gmedia\/02-reboisement-2020_1-jpg\/\">02-reboisement-2020<\/a><\/li>\n<li><a href=\"https:\/\/bcmm.mg\/en\/gmedia\/01-reboisement-2020_1-jpg\/\">01-reboisement-2020<\/a><\/li>\n<li><a href=\"https:\/\/bcmm.mg\/en\/gmedia\/11-reboisement-2020-jpg\/\">11-reboisement-2020<\/a><\/li>\n<li><a href=\"https:\/\/bcmm.mg\/en\/gmedia\/10-reboisement-2020-jpg\/\">10-reboisement-2020<\/a><\/li>\n<li><a href=\"https:\/\/bcmm.mg\/en\/gmedia\/09-reboisement-2020-jpg\/\">09-reboisement-2020<\/a><\/li>\n<li><a href=\"https:\/\/bcmm.mg\/en\/gmedia\/08-reboisement-2020-jpg\/\">08-reboisement-2020<\/a><\/li>\n<li><a href=\"https:\/\/bcmm.mg\/en\/gmedia\/07-reboisement-2020-jpg\/\">07-reboisement-2020<\/a><\/li>\n<li><a href=\"https:\/\/bcmm.mg\/en\/gmedia\/06-reboisement-2020-jpg\/\">06-reboisement-2020<\/a><\/li>\n<li><a href=\"https:\/\/bcmm.mg\/en\/gmedia\/05-reboisement-2020-jpg\/\">05-reboisement-2020<\/a><\/li>\n<li><a href=\"https:\/\/bcmm.mg\/en\/gmedia\/04-reboisement-2020-jpg\/\">04-reboisement-2020<\/a><\/li>\n<li><a href=\"https:\/\/bcmm.mg\/en\/gmedia\/03-reboisement-2020-jpg\/\">03-reboisement-2020<\/a><\/li>\n<li><a href=\"https:\/\/bcmm.mg\/en\/gmedia\/02-reboisement-2020-jpg\/\">02-reboisement-2020<\/a><\/li>\n<li><a href=\"https:\/\/bcmm.mg\/en\/gmedia\/01-reboisement-2020-jpg\/\">01-reboisement-2020<\/a><\/li>\n<li><a href=\"https:\/\/bcmm.mg\/en\/gmedia\/12_panafgeo_cloture_1-jpg\/\">Closing of PanAfGeo Session WP6 on Geological Inheritance<\/a><\/li>\n<li><a href=\"https:\/\/bcmm.mg\/en\/gmedia\/11_panafgeo_cloture_1-jpg\/\">Closing of PanAfGeo Session WP6 on Geological Inheritance<\/a><\/li>\n<li><a href=\"https:\/\/bcmm.mg\/en\/gmedia\/10_panafgeo_cloture_1-jpg\/\">Closing of PanAfGeo Session WP6 on Geological Inheritance<\/a><\/li>\n<li><a href=\"https:\/\/bcmm.mg\/en\/gmedia\/09_panafgeo_cloture_1-jpg\/\">Closing of PanAfGeo Session WP6 on Geological Inheritance<\/a><\/li>\n<li><a href=\"https:\/\/bcmm.mg\/en\/gmedia\/08_panafgeo_cloture_1-jpg\/\">Closing of PanAfGeo Session WP6 on Geological Inheritance<\/a><\/li>\n<li><a href=\"https:\/\/bcmm.mg\/en\/gmedia\/07_panafgeo_cloture_1-jpg\/\">Closing of PanAfGeo Session WP6 on Geological Inheritance<\/a><\/li>\n<li><a href=\"https:\/\/bcmm.mg\/en\/gmedia\/06_panafgeo_cloture_1-jpg\/\">Closing of PanAfGeo Session WP6 on Geological Inheritance<\/a><\/li>\n<li><a href=\"https:\/\/bcmm.mg\/en\/gmedia\/05_panafgeo_cloture_1-jpg\/\">Closing of PanAfGeo Session WP6 on Geological Inheritance<\/a><\/li>\n<li><a href=\"https:\/\/bcmm.mg\/en\/gmedia\/04_panafgeo_cloture_1-jpg\/\">Closing of PanAfGeo Session WP6 on Geological Inheritance<\/a><\/li>\n<li><a href=\"https:\/\/bcmm.mg\/en\/gmedia\/03_panafgeo_cloture_1-jpg\/\">Closing of PanAfGeo Session WP6 on Geological Inheritance<\/a><\/li>\n<li><a href=\"https:\/\/bcmm.mg\/en\/gmedia\/02_panafgeo_cloture_1-jpg\/\">Closing of PanAfGeo Session WP6 on Geological Inheritance<\/a><\/li>\n<li><a href=\"https:\/\/bcmm.mg\/en\/gmedia\/01_panafgeo_cloture_1-jpg\/\">Closing of PanAfGeo Session WP6 on Geological Inheritance<\/a><\/li>\n<li><a href=\"https:\/\/bcmm.mg\/en\/gmedia\/12_panafgeo_cloture-jpg\/\">Cl\u00f4ture de la formation PanAfGeo Session WP6<\/a><\/li>\n<li><a href=\"https:\/\/bcmm.mg\/en\/gmedia\/11_panafgeo_cloture-jpg\/\">Cl\u00f4ture de la formation PanAfGeo Session WP6<\/a><\/li>\n<li><a href=\"https:\/\/bcmm.mg\/en\/gmedia\/10_panafgeo_cloture-jpg\/\">Cl\u00f4ture de la formation PanAfGeo Session WP6<\/a><\/li>\n<li><a href=\"https:\/\/bcmm.mg\/en\/gmedia\/09_panafgeo_cloture-jpg\/\">Cl\u00f4ture de la formation PanAfGeo Session WP6<\/a><\/li>\n<li><a href=\"https:\/\/bcmm.mg\/en\/gmedia\/08_panafgeo_cloture-jpg\/\">Cl\u00f4ture de la formation PanAfGeo Session WP6<\/a><\/li>\n<li><a href=\"https:\/\/bcmm.mg\/en\/gmedia\/07_panafgeo_cloture-jpg\/\">Cl\u00f4ture de la formation PanAfGeo Session WP6<\/a><\/li>\n<li><a href=\"https:\/\/bcmm.mg\/en\/gmedia\/06_panafgeo_cloture-jpg\/\">Cl\u00f4ture de la formation PanAfGeo Session WP6<\/a><\/li>\n<li><a href=\"https:\/\/bcmm.mg\/en\/gmedia\/05_panafgeo_cloture-jpg\/\">Cl\u00f4ture de la formation PanAfGeo Session WP6<\/a><\/li>\n<li><a href=\"https:\/\/bcmm.mg\/en\/gmedia\/04_panafgeo_cloture-jpg\/\">Cl\u00f4ture de la formation PanAfGeo Session WP6<\/a><\/li>\n<li><a href=\"https:\/\/bcmm.mg\/en\/gmedia\/03_panafgeo_cloture-jpg\/\">Cl\u00f4ture de la formation PanAfGeo Session WP6<\/a><\/li>\n<li><a href=\"https:\/\/bcmm.mg\/en\/gmedia\/02_panafgeo_cloture-jpg\/\">Cl\u00f4ture de la formation PanAfGeo Session WP6<\/a><\/li>\n<li><a href=\"https:\/\/bcmm.mg\/en\/gmedia\/01_panafgeo_cloture-jpg\/\">Cl\u00f4ture de la formation PanAfGeo Session WP6<\/a><\/li>\n<li><a href=\"https:\/\/bcmm.mg\/en\/gmedia\/panafgeo_3-jpg\/\">PanAfGeo 3<\/a><\/li>\n<li><a href=\"https:\/\/bcmm.mg\/en\/gmedia\/panafgeo_4-jpg\/\">PanAfGeo 4<\/a><\/li>\n<li><a href=\"https:\/\/bcmm.mg\/en\/gmedia\/panafgeo_1-jpg\/\">PanAfGeo 1<\/a><\/li>\n<li><a href=\"https:\/\/bcmm.mg\/en\/gmedia\/panafgeo_2-jpg\/\">PanAfGeo 2<\/a><\/li>\n<li><a href=\"https:\/\/bcmm.mg\/en\/gmedia\/panafgeo_6-jpg\/\">PanAfGeo 6<\/a><\/li>\n<li><a href=\"https:\/\/bcmm.mg\/en\/gmedia\/panafgeo_5-jpg\/\">PanAfGeo 5<\/a><\/li>\n<li><a href=\"https:\/\/bcmm.mg\/en\/gmedia\/visite_salle_re_union_1-jpg\/\">visite_salle_re_union_1.jpg<\/a><\/li>\n<li><a href=\"https:\/\/bcmm.mg\/en\/gmedia\/visite_laboratoire_igm_1-jpg\/\">visite_laboratoire_IGM_1.jpg<\/a><\/li>\n<li><a href=\"https:\/\/bcmm.mg\/en\/gmedia\/visite_guichet_unique_1-jpg\/\">visite_Guichet_unique_1.jpg<\/a><\/li>\n<li><a href=\"https:\/\/bcmm.mg\/en\/gmedia\/visite_galerie_commerciale_1-jpg\/\">visite_galerie_commerciale_1.jpg<\/a><\/li>\n<li><a href=\"https:\/\/bcmm.mg\/en\/gmedia\/pre_sident_aimima_1-jpg\/\">pre_sident_AIMIMA_1.jpg<\/a><\/li>\n<li><a href=\"https:\/\/bcmm.mg\/en\/gmedia\/photo_famille_2-jpg\/\">photo_famille_2.jpg<\/a><\/li>\n<li><a href=\"https:\/\/bcmm.mg\/en\/gmedia\/cocktail_2-jpg\/\">cocktail_2.jpg<\/a><\/li>\n<li><a href=\"https:\/\/bcmm.mg\/en\/gmedia\/conseiller_technique_ministre_2-jpg\/\">Conseiller_technique_Ministre_2.jpg<\/a><\/li>\n<li><a href=\"https:\/\/bcmm.mg\/en\/gmedia\/a_l_amphi_2-jpg\/\">a_l_amphi_2.jpg<\/a><\/li>\n<li><a href=\"https:\/\/bcmm.mg\/en\/gmedia\/visite_salle_re_union-jpg\/\">Visite Salle Re\u0301union<\/a><\/li>\n<li><a href=\"https:\/\/bcmm.mg\/en\/gmedia\/visite_laboratoire_igm-jpg\/\">Visite Laboratoire IGM<\/a><\/li>\n<li><a href=\"https:\/\/bcmm.mg\/en\/gmedia\/visite_guichet_unique-jpg\/\">Visite Guichet Unique<\/a><\/li>\n<li><a href=\"https:\/\/bcmm.mg\/en\/gmedia\/visite_galerie_commerciale-jpg\/\">Visite Galerie Commerciale<\/a><\/li>\n<li><a href=\"https:\/\/bcmm.mg\/en\/gmedia\/pre_sident_aimima-jpg\/\">Pre\u0301sident AIMIMA<\/a><\/li>\n<li><a href=\"https:\/\/bcmm.mg\/en\/gmedia\/photo_famille_1-jpg\/\">Photo Famille<\/a><\/li>\n<li><a href=\"https:\/\/bcmm.mg\/en\/gmedia\/cocktail_1-jpg\/\">Cocktail<\/a><\/li>\n<li><a href=\"https:\/\/bcmm.mg\/en\/gmedia\/conseiller_technique_ministre_1-jpg\/\">Conseiller Technique Ministre<\/a><\/li>\n<li><a href=\"https:\/\/bcmm.mg\/en\/gmedia\/a_l_amphi_1-jpg\/\">A\u0300 L'amphi<\/a><\/li>\n<li><a href=\"https:\/\/bcmm.mg\/en\/gmedia\/photo_famille-jpg\/\">Photo Famille<\/a><\/li>\n<li><a href=\"https:\/\/bcmm.mg\/en\/gmedia\/cocktail-jpg\/\">Cocktail<\/a><\/li>\n<li><a href=\"https:\/\/bcmm.mg\/en\/gmedia\/conseiller_technique_ministre-jpg\/\">Conseiller Technique Ministre<\/a><\/li>\n<li><a href=\"https:\/\/bcmm.mg\/en\/gmedia\/a_l_amphi-jpg\/\">A\u0300 L'amphi<\/a><\/li>\n<li><a href=\"https:\/\/bcmm.mg\/en\/gmedia\/salon_des_mines_2018_omb-6_2-jpg\/\">SALON_DES_MINES_2018_OMb-6_2.jpg<\/a><\/li>\n<li><a href=\"https:\/\/bcmm.mg\/en\/gmedia\/salon_des_mines_2018_omb-4_2-jpg\/\">SALON_DES_MINES_2018_OMb-4_2.jpg<\/a><\/li>\n<li><a href=\"https:\/\/bcmm.mg\/en\/gmedia\/salon_des_mines_2018_dsc_5156_2-jpg\/\">SALON_DES_MINES_2018_DSC_5156_2.jpg<\/a><\/li>\n<li><a href=\"https:\/\/bcmm.mg\/en\/gmedia\/salon_des_mines_2018_dsc_5099_2-jpg\/\">SALON_DES_MINES_2018_DSC_5099_2.jpg<\/a><\/li>\n<li><a href=\"https:\/\/bcmm.mg\/en\/gmedia\/salon_des_mines_2018_omb_1-jpg\/\">SALON DES MINES 2018 OMb<\/a><\/li>\n<li><a href=\"https:\/\/bcmm.mg\/en\/gmedia\/salon_des_mines_2018_omb-6_1-jpg\/\">SALON DES MINES 2018 OMb-6<\/a><\/li>\n<li><a href=\"https:\/\/bcmm.mg\/en\/gmedia\/salon_des_mines_2018_omb-5_1-jpg\/\">SALON DES MINES 2018 OMb-5<\/a><\/li>\n<li><a href=\"https:\/\/bcmm.mg\/en\/gmedia\/salon_des_mines_2018_omb-4_1-jpg\/\">SALON DES MINES 2018 OMb-4<\/a><\/li>\n<li><a href=\"https:\/\/bcmm.mg\/en\/gmedia\/salon_des_mines_2018_omb-3_1-jpg\/\">SALON DES MINES 2018 OMb-3<\/a><\/li>\n<li><a href=\"https:\/\/bcmm.mg\/en\/gmedia\/salon_des_mines_2018_omb-2_1-jpg\/\">SALON DES MINES 2018 OMb-2<\/a><\/li>\n<li><a href=\"https:\/\/bcmm.mg\/en\/gmedia\/salon_des_mines_2018_dsc_5156_1-jpg\/\">SALON DES MINES 2018 DSC 5156<\/a><\/li>\n<li><a href=\"https:\/\/bcmm.mg\/en\/gmedia\/salon_des_mines_2018_dsc_5099_1-jpg\/\">SALON DES MINES 2018 DSC 5099<\/a><\/li>\n<li><a href=\"https:\/\/bcmm.mg\/en\/gmedia\/salon_des_mines_2018_omb-jpg\/\">SALON DES MINES 2018 OMb<\/a><\/li>\n<li><a href=\"https:\/\/bcmm.mg\/en\/gmedia\/salon_des_mines_2018_omb-6-jpg\/\">SALON DES MINES 2018 OMb-6<\/a><\/li>\n<li><a href=\"https:\/\/bcmm.mg\/en\/gmedia\/salon_des_mines_2018_omb-5-jpg\/\">SALON DES MINES 2018 OMb-5<\/a><\/li>\n<li><a href=\"https:\/\/bcmm.mg\/en\/gmedia\/salon_des_mines_2018_omb-4-jpg\/\">SALON DES MINES 2018 OMb-4<\/a><\/li>\n<li><a href=\"https:\/\/bcmm.mg\/en\/gmedia\/salon_des_mines_2018_omb-3-jpg\/\">SALON DES MINES 2018 OMb-3<\/a><\/li>\n<li><a href=\"https:\/\/bcmm.mg\/en\/gmedia\/salon_des_mines_2018_omb-2-jpg\/\">SALON DES MINES 2018 OMb-2<\/a><\/li>\n<li><a href=\"https:\/\/bcmm.mg\/en\/gmedia\/salon_des_mines_2018_dsc_5156-jpg\/\">SALON DES MINES 2018 DSC 5156<\/a><\/li>\n<li><a href=\"https:\/\/bcmm.mg\/en\/gmedia\/salon_des_mines_2018_dsc_5099-jpg\/\">SALON DES MINES 2018 DSC 5099<\/a><\/li>\n<li><a href=\"https:\/\/bcmm.mg\/en\/gmedia\/the_mining_show_dubai_0188-jpg\/\">The Mining Show Dubai 0188<\/a><\/li>\n<li><a href=\"https:\/\/bcmm.mg\/en\/gmedia\/the_mining_show_dubai_0177-jpg\/\">The Mining Show Dubai 0177<\/a><\/li>\n<li><a href=\"https:\/\/bcmm.mg\/en\/gmedia\/the_mining_show_dubai_0161-jpg\/\">The Mining Show Dubai 0161<\/a><\/li>\n<li><a href=\"https:\/\/bcmm.mg\/en\/gmedia\/the_mining_show_dubai_0159-jpg\/\">The Mining Show Dubai 0159<\/a><\/li>\n<li><a href=\"https:\/\/bcmm.mg\/en\/gmedia\/the_mining_show_dubai_0152-jpg\/\">The Mining Show Dubai 0152<\/a><\/li>\n<li><a href=\"https:\/\/bcmm.mg\/en\/gmedia\/the_mining_show_dubai_0151-jpg\/\">The Mining Show Dubai 0151<\/a><\/li>\n<li><a href=\"https:\/\/bcmm.mg\/en\/gmedia\/the_mining_show_dubai_0147-jpg\/\">The Mining Show Dubai 0147<\/a><\/li>\n<li><a href=\"https:\/\/bcmm.mg\/en\/gmedia\/the_mining_show_dubai_0138-jpg\/\">The Mining Show Dubai 0138<\/a><\/li>\n<li><a href=\"https:\/\/bcmm.mg\/en\/gmedia\/the_mining_show_dubai_0134-jpg\/\">The Mining Show Dubai 0134<\/a><\/li>\n<li><a href=\"https:\/\/bcmm.mg\/en\/gmedia\/mbc_5156-jpg\/\">MBC 5156<\/a><\/li>\n<li><a href=\"https:\/\/bcmm.mg\/en\/gmedia\/mbc_5099-jpg\/\">MBC 5099<\/a><\/li>\n<li><a href=\"https:\/\/bcmm.mg\/en\/gmedia\/dsc_4632_1-jpg\/\">DSC 4632<\/a><\/li>\n<li><a href=\"https:\/\/bcmm.mg\/en\/gmedia\/dsc_4628_1-jpg\/\">DSC 4628<\/a><\/li>\n<li><a href=\"https:\/\/bcmm.mg\/en\/gmedia\/dsc_4497_1-jpg\/\">DSC 4497<\/a><\/li>\n<li><a href=\"https:\/\/bcmm.mg\/en\/gmedia\/dsc_4632-jpg\/\">DSC 4632<\/a><\/li>\n<li><a href=\"https:\/\/bcmm.mg\/en\/gmedia\/dsc_4628-jpg\/\">DSC 4628<\/a><\/li>\n<li><a href=\"https:\/\/bcmm.mg\/en\/gmedia\/dsc_4543-jpg\/\">DSC 4543<\/a><\/li>\n<li><a href=\"https:\/\/bcmm.mg\/en\/gmedia\/dsc_4532-jpg\/\">DSC 4532<\/a><\/li>\n<li><a href=\"https:\/\/bcmm.mg\/en\/gmedia\/dsc_4529-jpg\/\">DSC 4529<\/a><\/li>\n<li><a href=\"https:\/\/bcmm.mg\/en\/gmedia\/dsc_4525-jpg\/\">DSC 4525<\/a><\/li>\n<li><a href=\"https:\/\/bcmm.mg\/en\/gmedia\/dsc_4518-jpg\/\">DSC 4518<\/a><\/li>\n<li><a href=\"https:\/\/bcmm.mg\/en\/gmedia\/dsc_4503-jpg\/\">DSC 4503<\/a><\/li>\n<li><a href=\"https:\/\/bcmm.mg\/en\/gmedia\/22-jpg\/\">22<\/a><\/li>\n<li><a href=\"https:\/\/bcmm.mg\/en\/gmedia\/21-jpg\/\">21<\/a><\/li>\n<li><a href=\"https:\/\/bcmm.mg\/en\/gmedia\/19-jpg\/\">19<\/a><\/li>\n<li><a href=\"https:\/\/bcmm.mg\/en\/gmedia\/18-jpg\/\">18<\/a><\/li>\n<li><a href=\"https:\/\/bcmm.mg\/en\/gmedia\/17-jpg\/\">17<\/a><\/li>\n<li><a href=\"https:\/\/bcmm.mg\/en\/gmedia\/14-jpg\/\">14<\/a><\/li>\n<li><a href=\"https:\/\/bcmm.mg\/en\/gmedia\/5-jpg\/\">5<\/a><\/li>\n<li><a href=\"https:\/\/bcmm.mg\/en\/gmedia\/2-jpg\/\">2<\/a><\/li>\n<li><a href=\"https:\/\/bcmm.mg\/en\/gmedia\/1-jpg\/\">1<\/a><\/li>\n<li><a href=\"https:\/\/bcmm.mg\/en\/gmedia\/54-jpg\/\">54<\/a><\/li>\n<li><a href=\"https:\/\/bcmm.mg\/en\/gmedia\/52-jpg\/\">52<\/a><\/li>\n<li><a href=\"https:\/\/bcmm.mg\/en\/gmedia\/16_-_mbc_160425_c1_1-jpg\/\">16 - MBC 160425 C1<\/a><\/li>\n<li><a href=\"https:\/\/bcmm.mg\/en\/gmedia\/16_-_mbc_160420_c1_1-jpg\/\">16 - MBC 160420 C1<\/a><\/li>\n<li><a href=\"https:\/\/bcmm.mg\/en\/gmedia\/16_-_mbc_160420_a2_1-jpg\/\">16 - MBC 160420 A2<\/a><\/li>\n<li><a href=\"https:\/\/bcmm.mg\/en\/gmedia\/3d_mbc_gradin_2_1-jpg\/\">3d MBC Gradin 2<\/a><\/li>\n<li><a href=\"https:\/\/bcmm.mg\/en\/gmedia\/16_-_mbc_160425_c1-jpg\/\">16 - MBC 160425 C1<\/a><\/li>\n<li><a href=\"https:\/\/bcmm.mg\/en\/gmedia\/16_-_mbc_160420_c1-jpg\/\">16 - MBC 160420 C1<\/a><\/li>\n<li><a href=\"https:\/\/bcmm.mg\/en\/gmedia\/16_-_mbc_160420_a2-jpg\/\">16 - MBC 160420 A2<\/a><\/li>\n<li><a href=\"https:\/\/bcmm.mg\/en\/gmedia\/3d_mbc_gradin_2-jpg\/\">3d MBC Gradin 2<\/a><\/li>\n<li><a href=\"https:\/\/bcmm.mg\/en\/gmedia\/australie-104-jpg\/\">AUSTRALIE-104<\/a><\/li>\n<li><a href=\"https:\/\/bcmm.mg\/en\/gmedia\/australie-93-jpg\/\">AUSTRALIE-93<\/a><\/li>\n<li><a href=\"https:\/\/bcmm.mg\/en\/gmedia\/australie-66-jpg\/\">AUSTRALIE-66<\/a><\/li>\n<li><a href=\"https:\/\/bcmm.mg\/en\/gmedia\/img_6874-jpg\/\">IMG 6874<\/a><\/li>\n<li><a href=\"https:\/\/bcmm.mg\/en\/gmedia\/img_6846-jpg\/\">IMG 6846<\/a><\/li>\n<li><a href=\"https:\/\/bcmm.mg\/en\/gmedia\/img_6845-jpg\/\">IMG 6845<\/a><\/li>\n<li><a href=\"https:\/\/bcmm.mg\/en\/gmedia\/img_6843-jpg\/\">IMG 6843<\/a><\/li>\n<li><a href=\"https:\/\/bcmm.mg\/en\/gmedia\/img_6842-jpg\/\">IMG 6842<\/a><\/li>\n<li><a href=\"https:\/\/bcmm.mg\/en\/gmedia\/img_6841-jpg\/\">IMG 6841<\/a><\/li>\n<li><a href=\"https:\/\/bcmm.mg\/en\/gmedia\/img_6839-jpg\/\">IMG 6839<\/a><\/li>\n<li><a href=\"https:\/\/bcmm.mg\/en\/gmedia\/img_6837-jpg\/\">IMG 6837<\/a><\/li>\n<\/ul>\n<h2 class=\"wsp-gmedia_albums-title\">Gmedia Albums<\/h2>\n<ul class=\"wsp-gmedia_albums-list\">\n<li><a href=\"https:\/\/bcmm.mg\/en\/gmedia-album\/album_salon_des_mines_2019\/\">album_salon_des_mines_2019<\/a><\/li>\n<li><a href=\"https:\/\/bcmm.mg\/en\/gmedia-album\/album_lithotheque\/\">album_lithotheque<\/a><\/li>\n<li><a href=\"https:\/\/bcmm.mg\/en\/gmedia-album\/album_inauguration_galerie_des_mines\/\">album_inauguration_galerie_des_mines<\/a><\/li>\n<li><a href=\"https:\/\/bcmm.mg\/en\/gmedia-album\/reboisement-2020-album\/\">album-reboisement-2020<\/a><\/li>\n<li><a href=\"https:\/\/bcmm.mg\/en\/gmedia-album\/album_panafgeo_cloture_en\/\">album_panafgeo_cloture_en<\/a><\/li>\n<li><a href=\"https:\/\/bcmm.mg\/en\/gmedia-album\/album_panafgeo_cloture\/\">album_panafgeo_cloture<\/a><\/li>\n<li><a href=\"https:\/\/bcmm.mg\/en\/gmedia-album\/album_panafgeo\/\">album_panafgeo<\/a><\/li>\n<li><a href=\"https:\/\/bcmm.mg\/en\/gmedia-album\/album_aimima\/\">album_aimima<\/a><\/li>\n<li><a href=\"https:\/\/bcmm.mg\/en\/gmedia-album\/salon-des-mines-du-petrole-et-de-lequipement-2018\/\">Salon des Mines, du P\u00e9trole et de l\u2019Equipement 2018<\/a><\/li>\n<li><a href=\"https:\/\/bcmm.mg\/en\/gmedia-album\/the-mining-show-dubai\/\">The Mining Show Dubai<\/a><\/li>\n<li><a href=\"https:\/\/bcmm.mg\/en\/gmedia-album\/mbc-inauguration\/\">MBC Inauguration<\/a><\/li>\n<li><a href=\"https:\/\/bcmm.mg\/en\/gmedia-album\/mining-business-center\/\">Mining Business Center<\/a><\/li>\n<li><a href=\"https:\/\/bcmm.mg\/en\/gmedia-album\/lanjamiakatra\/\">lanjamiakatra<\/a><\/li>\n<li><a href=\"https:\/\/bcmm.mg\/en\/gmedia-album\/photos-bcmm-accueil\/\">Africa Downunder<\/a><\/li>\n<\/ul>\n<h2 class=\"wsp-gmedia_gallerys-title\">Gmedia Galleries<\/h2>\n<ul class=\"wsp-gmedia_gallerys-list\">\n<li><a href=\"https:\/\/bcmm.mg\/en\/gmedia-gallery\/galerie_salon_des_mines_2019\/\">galerie_salon_des_mines_2019<\/a><\/li>\n<li><a href=\"https:\/\/bcmm.mg\/en\/gmedia-gallery\/galerie_inauguration_lithotheque\/\">galerie_inauguration_lithotheque<\/a><\/li>\n<li><a href=\"https:\/\/bcmm.mg\/en\/gmedia-gallery\/galerie_inauguration_galerie_des_mines\/\">galerie_inauguration_galerie_des_mines<\/a><\/li>\n<li><a href=\"https:\/\/bcmm.mg\/en\/gmedia-gallery\/reboisement-2020\/\">galerie-reboisement-2020<\/a><\/li>\n<li><a href=\"https:\/\/bcmm.mg\/en\/gmedia-gallery\/galerie_panafgeo_cloture_en\/\">galerie_panafgeo_cloture_en<\/a><\/li>\n<li><a href=\"https:\/\/bcmm.mg\/en\/gmedia-gallery\/galerie_panafgeo_cloture\/\">galerie_panafgeo_cloture<\/a><\/li>\n<li><a href=\"https:\/\/bcmm.mg\/en\/gmedia-gallery\/galerie_aimima_001\/\">galerie_aimima_001<\/a><\/li>\n<li><a href=\"https:\/\/bcmm.mg\/en\/gmedia-gallery\/foire_gemme_bijoux\/\">foire_gemme_bijoux<\/a><\/li>\n<li><a href=\"https:\/\/bcmm.mg\/en\/gmedia-gallery\/salon-des-mines-du-petrole-et-de-lequipement-2018\/\">Salon des Mines, du P\u00e9trole et de l\u2019Equipement 2018<\/a><\/li>\n<li><a href=\"https:\/\/bcmm.mg\/en\/gmedia-gallery\/mining-business-center-inauguration\/\">Mining Business Center: Inauguration<\/a><\/li>\n<li><a href=\"https:\/\/bcmm.mg\/en\/gmedia-gallery\/mining-business-center\/\">Mining Business Center<\/a><\/li>\n<li><a href=\"https:\/\/bcmm.mg\/en\/gmedia-gallery\/adu\/\">adu<\/a><\/li>\n<li><a href=\"https:\/\/bcmm.mg\/en\/gmedia-gallery\/lanjamiakatra\/\">lanjamiakatra<\/a><\/li>\n<\/ul>\n<h2 class=\"wsp-portfolios-title\">Projects<\/h2>\n<ul class=\"wsp-portfolios-list\">\n<li><a href=\"https:\/\/bcmm.mg\/en\/project\/kitchen-and-living-room\/\">Kitchen And Living Room<\/a><\/li>\n<li><a href=\"https:\/\/bcmm.mg\/en\/project\/house-under-the-palms\/\">House Under The Palms<\/a><\/li>\n<li><a href=\"https:\/\/bcmm.mg\/en\/project\/green-school\/\">Green School<\/a><\/li>\n<li><a href=\"https:\/\/bcmm.mg\/en\/project\/house-of-cards\/\">House of Cards<\/a><\/li>\n<li><a href=\"https:\/\/bcmm.mg\/en\/project\/pool-in-luxury-neighbourhood\/\">Pool In Luxury Neighbourhood<\/a><\/li>\n<li><a href=\"https:\/\/bcmm.mg\/en\/project\/villa-rustica-renovation\/\">Villa Rustica Renovation<\/a><\/li>\n<li><a href=\"https:\/\/bcmm.mg\/en\/project\/green-house\/\">Green House<\/a><\/li>\n<li><a href=\"https:\/\/bcmm.mg\/en\/project\/contemporary-villa\/\">Contemporary Villa<\/a><\/li>\n<\/ul>\n<\/div>\n","protected":false},"excerpt":{"rendered":"","protected":false},"author":1,"featured_media":0,"parent":0,"menu_order":0,"comment_status":"closed","ping_status":"closed","template":"","meta":{"_themeisle_gutenberg_block_has_review":false,"footnotes":""},"class_list":["post-2756","page","type-page","status-publish","hentry"],"yoast_head":"<!-- This site is optimized with the Yoast SEO plugin v21.7 - https:\/\/yoast.com\/wordpress\/plugins\/seo\/ -->\n<title>Sitemap - BCMM<\/title>\n<meta name=\"description\" content=\"Plan du site Bureau du Cadastre Minier de Madagascar\" \/>\n<meta name=\"robots\" content=\"index, follow, max-snippet:-1, max-image-preview:large, max-video-preview:-1\" \/>\n<link rel=\"canonical\" href=\"https:\/\/bcmm.mg\/sitemap\/\" \/>\n<meta property=\"og:locale\" content=\"en_US\" \/>\n<meta property=\"og:type\" content=\"article\" \/>\n<meta property=\"og:title\" content=\"Sitemap - BCMM\" \/>\n<meta property=\"og:description\" content=\"Plan du site Bureau du Cadastre Minier de Madagascar\" \/>\n<meta property=\"og:url\" content=\"https:\/\/bcmm.mg\/sitemap\/\" \/>\n<meta property=\"og:site_name\" content=\"BCMM\" \/>\n<meta property=\"article:modified_time\" content=\"2024-01-31T12:22:47+00:00\" \/>\n<meta name=\"twitter:card\" content=\"summary_large_image\" \/>\n<meta name=\"twitter:label1\" content=\"Est. reading time\" \/>\n\t<meta name=\"twitter:data1\" content=\"1 minute\" \/>\n<script type=\"application\/ld+json\" class=\"yoast-schema-graph\">{\"@context\":\"https:\/\/schema.org\",\"@graph\":[{\"@type\":\"WebPage\",\"@id\":\"https:\/\/bcmm.mg\/sitemap\/\",\"url\":\"https:\/\/bcmm.mg\/sitemap\/\",\"name\":\"Sitemap - BCMM\",\"isPartOf\":{\"@id\":\"https:\/\/bcmm.mg\/#website\"},\"datePublished\":\"2016-12-21T03:36:19+00:00\",\"dateModified\":\"2024-01-31T12:22:47+00:00\",\"description\":\"Plan du site Bureau du Cadastre Minier de Madagascar\",\"inLanguage\":\"en-US\",\"potentialAction\":[{\"@type\":\"ReadAction\",\"target\":[\"https:\/\/bcmm.mg\/sitemap\/\"]}]},{\"@type\":\"WebSite\",\"@id\":\"https:\/\/bcmm.mg\/#website\",\"url\":\"https:\/\/bcmm.mg\/\",\"name\":\"BCMM\",\"description\":\"Cadastral Mining Office of Madagascar\",\"potentialAction\":[{\"@type\":\"SearchAction\",\"target\":{\"@type\":\"EntryPoint\",\"urlTemplate\":\"https:\/\/bcmm.mg\/?s={search_term_string}\"},\"query-input\":\"required name=search_term_string\"}],\"inLanguage\":\"en-US\"}]}<\/script>\n<!-- \/ Yoast SEO plugin. -->","yoast_head_json":{"title":"Sitemap - BCMM","description":"Plan du site Bureau du Cadastre Minier de Madagascar","robots":{"index":"index","follow":"follow","max-snippet":"max-snippet:-1","max-image-preview":"max-image-preview:large","max-video-preview":"max-video-preview:-1"},"canonical":"https:\/\/bcmm.mg\/sitemap\/","og_locale":"en_US","og_type":"article","og_title":"Sitemap - BCMM","og_description":"Plan du site Bureau du Cadastre Minier de Madagascar","og_url":"https:\/\/bcmm.mg\/sitemap\/","og_site_name":"BCMM","article_modified_time":"2024-01-31T12:22:47+00:00","twitter_card":"summary_large_image","twitter_misc":{"Est. reading time":"1 minute"},"schema":{"@context":"https:\/\/schema.org","@graph":[{"@type":"WebPage","@id":"https:\/\/bcmm.mg\/sitemap\/","url":"https:\/\/bcmm.mg\/sitemap\/","name":"Sitemap - BCMM","isPartOf":{"@id":"https:\/\/bcmm.mg\/#website"},"datePublished":"2016-12-21T03:36:19+00:00","dateModified":"2024-01-31T12:22:47+00:00","description":"Plan du site Bureau du Cadastre Minier de Madagascar","inLanguage":"en-US","potentialAction":[{"@type":"ReadAction","target":["https:\/\/bcmm.mg\/sitemap\/"]}]},{"@type":"WebSite","@id":"https:\/\/bcmm.mg\/#website","url":"https:\/\/bcmm.mg\/","name":"BCMM","description":"Cadastral Mining Office of Madagascar","potentialAction":[{"@type":"SearchAction","target":{"@type":"EntryPoint","urlTemplate":"https:\/\/bcmm.mg\/?s={search_term_string}"},"query-input":"required name=search_term_string"}],"inLanguage":"en-US"}]}},"_links":{"self":[{"href":"https:\/\/bcmm.mg\/en\/wp-json\/wp\/v2\/pages\/2756","targetHints":{"allow":["GET"]}}],"collection":[{"href":"https:\/\/bcmm.mg\/en\/wp-json\/wp\/v2\/pages"}],"about":[{"href":"https:\/\/bcmm.mg\/en\/wp-json\/wp\/v2\/types\/page"}],"author":[{"embeddable":true,"href":"https:\/\/bcmm.mg\/en\/wp-json\/wp\/v2\/users\/1"}],"replies":[{"embeddable":true,"href":"https:\/\/bcmm.mg\/en\/wp-json\/wp\/v2\/comments?post=2756"}],"version-history":[{"count":4,"href":"https:\/\/bcmm.mg\/en\/wp-json\/wp\/v2\/pages\/2756\/revisions"}],"predecessor-version":[{"id":4444,"href":"https:\/\/bcmm.mg\/en\/wp-json\/wp\/v2\/pages\/2756\/revisions\/4444"}],"wp:attachment":[{"href":"https:\/\/bcmm.mg\/en\/wp-json\/wp\/v2\/media?parent=2756"}],"curies":[{"name":"wp","href":"https:\/\/api.w.org\/{rel}","templated":true}]}}